{"id":231,"date":"2020-04-16T17:16:14","date_gmt":"2020-04-16T17:16:14","guid":{"rendered":"http:\/\/immunes.health\/?page_id=231"},"modified":"2020-04-17T05:19:57","modified_gmt":"2020-04-17T05:19:57","slug":"referencies-mediques-i-cientifiques","status":"publish","type":"page","link":"https:\/\/immunes.health\/?page_id=231&lang=ca","title":{"rendered":"Referencies m\u00e9diques i cient\u00edfiques"},"content":{"rendered":"\n<p>Ja per al SARS del 2003, la quercetina es va provar en el laboratori amb bons resultats: <a href=\"https:\/\/jvi.asm.org\/content\/78\/20\/11334#T1\">https:\/\/jvi.asm.org\/content\/78\/20\/11334#T1<\/a><\/p>\n\n\n\n<p><a href=\"https:\/\/www.ncbi.nlm.nih.gov\/pubmed\/17046271\">https:\/\/www.ncbi.nlm.nih.gov\/pubmed\/17046271<\/a><\/p>\n\n\n\n<p>Si alg\u00fa sospita que la quercetina podria funcionar nom\u00e9s per a aquest coronavirus espec\u00edfic, podria ser \u00fatil veure que tamb\u00e9 s&#8217;ha demostrat que funciona per a virus tan diversos com la grip, l&#8217;\u00e9bola i l&#8217;hepatitis B: <a href=\"https:\/\/www.ncbi.nlm.nih.gov\/pmc\/articles\/pmc4728566\/\">https:\/\/www.ncbi.nlm.nih.gov\/pmc\/articles\/pmc4728566\/<\/a> <a href=\"https:\/\/aac.asm.org\/content\/60\/9\/5182\">https:\/\/aac.asm.org\/content\/60\/9\/5182<\/a> <a href=\"https:\/\/www.ncbi.nlm.nih.gov\/pubmed\/26268473\">https:\/\/www.ncbi.nlm.nih.gov\/pubmed\/26268473<\/a><\/p>\n\n\n\n<p>Una recerca de supercomputadora va analitzar 8000 compostos qu\u00edmics a la recerca d&#8217;un antiviral per a Covid-19 i va concloure que la Quercetina estava entre els 5 m\u00e9s apropiats:<a href=\"https:\/\/chemrxiv.org\/articles\/repurposing_therapeutics_for_the_wuhan_coronavirus_ncov-2019_supercomputer-based_docking_to_the_viral_s_protein_and_human_ace2_interface\/11871402\/4\">https:\/\/chemrxiv.org\/articles\/repurposing_therapeutics_for_the_wuhan_coronavirus_ncov-2019_supercomputer-based_docking_to_the_viral_s_protein_and_human_ace2_interface\/11871402\/4<\/a><\/p>\n\n\n\n<figure class=\"wp-block-image size-large\"><img loading=\"lazy\" decoding=\"async\" width=\"1024\" height=\"474\" src=\"http:\/\/immunes.health\/wp-content\/uploads\/2020\/04\/Screenshot-from-2020-04-16-23-07-03-1024x474.png\" alt=\"\" class=\"wp-image-281\" srcset=\"https:\/\/immunes.health\/wp-content\/uploads\/2020\/04\/Screenshot-from-2020-04-16-23-07-03-1024x474.png 1024w, https:\/\/immunes.health\/wp-content\/uploads\/2020\/04\/Screenshot-from-2020-04-16-23-07-03-600x278.png 600w, https:\/\/immunes.health\/wp-content\/uploads\/2020\/04\/Screenshot-from-2020-04-16-23-07-03-300x139.png 300w, https:\/\/immunes.health\/wp-content\/uploads\/2020\/04\/Screenshot-from-2020-04-16-23-07-03-768x356.png 768w, https:\/\/immunes.health\/wp-content\/uploads\/2020\/04\/Screenshot-from-2020-04-16-23-07-03.png 1159w\" sizes=\"(max-width: 1024px) 100vw, 1024px\" \/><\/figure>\n\n\n\n<p>Les mateixes conclusions van ser obtingudes, fa unes setmanes, per un dels investigadors m\u00e8dics canadencs m\u00e9s reconeguts i el seu equip. Aix\u00f2 es va explicar en la televisi\u00f3 canadenca <a href=\"https:\/\/www.cbc.ca\/player\/play\/1703883331818\">https:\/\/www.cbc.ca\/player\/play\/1703883331818<\/a> &nbsp;i una entrevista de r\u00e0dio: <a href=\"https:\/\/www.cbc.ca\/player\/play\/1703914563515\">https:\/\/www.cbc.ca\/player\/play\/1703914563515<\/a> <\/p>\n\n\n\n<p>Com es llegeix aqu\u00ed: <a href=\"https:\/\/www.macleans.ca\/news\/canada\/a-made-in-canada-solution-to-the-coronavirus-outbreak\/)\">https:\/\/www.macleans.ca\/news\/canada\/a-made-in-canada-solution-to-the-coronavirus-outbreak\/)<\/a><\/p>\n\n\n\n<p>Aix\u00ed \u00e9s com la Xina i altres pa\u00efsos estan provant actualment la quercetina en assajos cl\u00ednics en col\u00b7laboraci\u00f3 amb el Institut de Recherques Cliniques de Mont-real <a href=\"https:\/\/ircm.qc.ca\/\">https:\/\/ircm.qc.ca\/<\/a> Podrien tenir resultats a principis de maig, per\u00f2 aix\u00f2 no \u00e9s prou r\u00e0pid per a milers de persones que moren tots els dies.<\/p>\n\n\n\n<p>La ionitzaci\u00f3 de zinc per a detenir l&#8217;activitat antiviral es documenta, per exemple, aqu\u00ed:<a href=\"https:\/\/pubs.acs.org\/doi\/10.1021\/jf5014633\">https:\/\/pubs.acs.org\/doi\/10.1021\/jf5014633<\/a> i aqu\u00ed: <a href=\"http:\/\/www.tdx.cat\/bitstream\/10803\/292248\/1\/tesis%20.pdf\">http:\/\/www.tdx.cat\/bitstream\/10803\/292248\/1\/tesis%20.pdf<\/a><\/p>\n\n\n\n<figure class=\"wp-block-image size-large\"><img loading=\"lazy\" decoding=\"async\" width=\"500\" height=\"255\" src=\"http:\/\/immunes.health\/wp-content\/uploads\/2020\/04\/jf-2014-014633_0010.gif\" alt=\"\" class=\"wp-image-275\"\/><figcaption>Quercetina un ion\u00f2for de zinc com EGCG i Cloroquina<\/figcaption><\/figure>\n\n\n\n<p>La funci\u00f3 de quelaci\u00f3n de la quercetina, que ho converteix en un antioxidant i antiinflamatori \u00f2ptim en el context de Covid-19 ha estat provat en l&#8217;estudi;&nbsp;<a href=\"https:\/\/www.ncbi.nlm.nih.gov\/pubmed\/16910729\">https:\/\/www.ncbi.nlm.nih.gov\/pubmed\/16910729<\/a><\/p>\n\n\n\n<p>Alguns metges del sistema de salut p\u00fablica estan suggerint quercetina, vitamines C i D i zinc als seus hospitals.Aquest \u00e9s el cas de l&#8217;escola de medicina de Virg\u00ednia als EUA <a href=\"https:\/\/www.evms.edu\/covid-19\/medical_information_resources\/\">https:\/\/www.evms.edu\/covid-19\/medical_information_resources\/<\/a> <a href=\"https:\/\/www.evms.edu\/media\/evms_public\/departments\/internal_medicine\/marik-covid-protocol-summary.pdf\">https:\/\/www.evms.edu\/media\/evms_public\/departments\/internal_medicine\/marik-covid-protocol-summary.pdf<\/a><\/p>\n\n\n\n<figure class=\"wp-block-image size-large\"><img loading=\"lazy\" decoding=\"async\" width=\"819\" height=\"602\" src=\"http:\/\/immunes.health\/wp-content\/uploads\/2020\/04\/Screenshot-from-2020-04-16-23-15-36.png\" alt=\"\" class=\"wp-image-287\" srcset=\"https:\/\/immunes.health\/wp-content\/uploads\/2020\/04\/Screenshot-from-2020-04-16-23-15-36.png 819w, https:\/\/immunes.health\/wp-content\/uploads\/2020\/04\/Screenshot-from-2020-04-16-23-15-36-600x441.png 600w, https:\/\/immunes.health\/wp-content\/uploads\/2020\/04\/Screenshot-from-2020-04-16-23-15-36-300x221.png 300w, https:\/\/immunes.health\/wp-content\/uploads\/2020\/04\/Screenshot-from-2020-04-16-23-15-36-768x565.png 768w\" sizes=\"(max-width: 819px) 100vw, 819px\" \/><figcaption>El protocol per a hospitals de l&#8217;estat de Virg\u00ednia (EUA) desenvolupat pel doctor Marik, cap de medicina de cures pulmonars i de cures cr\u00edtiques, Virginia Medical School<\/figcaption><\/figure>\n\n\n\n<p>Tamb\u00e9. El Dr. Mobeen, professor de medicina a l&#8217;\u00cdndia suggereix al personal m\u00e8dic quercetina, vitamines C i D i zinc des del minut 27, (en el seu cas, combinat amb hidroxicloroquina,  i quercetina com a alternativa). <a href=\"https:\/\/www.youtube.com\/watch?v=w9yfxo84lck\">https:\/\/www.youtube.com\/watch?v=w9yfxo84lck<\/a><\/p>\n\n\n\n<p>Tamb\u00e9 suggerint quercetina Dr. Leonard de Nova York: <a href=\"https:\/\/www.fox10phoenix.com\/news\/doctor-offers-coronavirus-protection-advice\">https:\/\/www.fox10phoenix.com\/news\/doctor-offers-coronavirus-protection-advice<\/a><\/p>\n\n\n\n<p>La quercetina ha estat provada en assajos cl\u00ednics per a moltes malalties diferents  <a href=\"https:\/\/clinicaltrials.gov\/ct2\/results?cond=&amp;term=quercetin&amp;cntry=&amp;state=&amp;city=&amp;dist=&amp;search=search\">https:\/\/clinicaltrials.gov\/ct2\/results?cond=&amp;term=quercetin&amp;cntry=&amp;state=&amp;city=&amp;dist=&amp;search=search<\/a><\/p>\n\n\n\n<p>Per a Covid-19 la quercetina participa en un assaig cl\u00ednic a Fran\u00e7a on es compara amb Hydroxychloroquine <a href=\"https:\/\/solidarites-sante.gouv.fr\/IMG\/pdf\/covid19_projets-recherche_therapeutiques_en-cours-instruction.pdf\" target=\"_blank\" rel=\"noreferrer noopener\" aria-label=\"https:\/\/solidarites-sante.gouv.fr\/IMG\/pdf\/covid19_projets-recherche_therapeutiques_en-cours-instruction.pdf (opens in a new tab)\">https:\/\/solidarites-sante.gouv.fr\/IMG\/pdf\/covid19_projets-recherche_therapeutiques_en-cours-instruction.pdf<\/a><\/p>\n\n\n\n<p>Altres assajos que involucren productes naturals s\u00f3n: <\/p>\n\n\n\n<ul><li><a href=\"https:\/\/clinicaltrials.gov\/ct2\/show\/nct04264533\">https:\/\/clinicaltrials.gov\/ct2\/show\/nct04264533<\/a> Assaig cl\u00ednic d&#8217;amenaces de Covid-19 amb dosis altes de vitamina C<\/li><li><a href=\"https:\/\/clinicaltrials.gov\/ct2\/show\/nct04323514\">https:\/\/clinicaltrials.gov\/ct2\/show\/nct04323514<\/a> Segon assaig cl\u00ednic de *Covid-19 amb dosis altes de vitamina C<\/li><li><a href=\"https:\/\/clinicaltrials.gov\/ct2\/show\/nct04334005\">https:\/\/clinicaltrials.gov\/ct2\/show\/nct04334005<\/a> &nbsp;Assaig cl\u00ednic d&#8217;\u00fas de vitamina D, per a profilaxi i primers s\u00edmptomes<\/li><li>Hi ha altres 3 assajos cl\u00ednics que involucren hidroxicloroquina + vitamina C + vitamina D + zinc. <ul><li><a href=\"https:\/\/clinicaltrials.gov\/ct2\/show\/nct04335084\">https:\/\/clinicaltrials.gov\/ct2\/show\/nct04335084<\/a> <\/li><li><a href=\"https:\/\/clinicaltrials.gov\/ct2\/show\/nct04334512\">https:\/\/clinicaltrials.gov\/ct2\/show\/nct04334512<\/a> <\/li><li><a rel=\"noreferrer noopener\" aria-label=\" (opens in a new tab)\" href=\"https:\/\/*clinicaltrials.*gov\/*ct2\/xou\/NCT04326725\" target=\"_blank\">https:\/\/clinicaltrials.gov\/ct2\/xou\/NCT04326725<\/a><\/li><\/ul><\/li><\/ul>\n\n\n\n<p>Entre els nutricionistes i especialistes en salut natural, se suggereix la quercetina que sovint inclou l&#8217;associaci\u00f3 de nutrici\u00f3 d&#8217;Estats Units <a href=\"https:\/\/theana.org\/covid-19\">https:\/\/theana.org\/covid-19<\/a> <\/p>\n\n\n\n<p><a href=\"https:\/\/blog.nutri-tech.com.au\/immune-enhancement-the-missing-covid-19-essential-part-3\/\">https:\/\/blog.nutri-tech.com.au\/immune-enhancement-the-missing-covid-19-essential-part-3\/<\/a> <\/p>\n\n\n\n<p><a href=\"https:\/\/alphagreen.io\/quercetin\">https:\/\/alphagreen.io\/quercetin<\/a><\/p>\n\n\n\n<p><\/p>\n","protected":false},"excerpt":{"rendered":"<p>Ja per al SARS del 2003, la quercetina es va provar en el laboratori amb bons resultats: https:\/\/jvi.asm.org\/content\/78\/20\/11334#T1 https:\/\/www.ncbi.nlm.nih.gov\/pubmed\/17046271 Si alg\u00fa sospita que la quercetina podria funcionar nom\u00e9s per a aquest coronavirus espec\u00edfic, podria ser \u00fatil veure que tamb\u00e9 s&#8217;ha demostrat que funciona per a virus tan diversos com la grip, l&#8217;\u00e9bola i l&#8217;hepatitis B: [&hellip;]<\/p>\n","protected":false},"author":2,"featured_media":0,"parent":0,"menu_order":0,"comment_status":"closed","ping_status":"closed","template":"templates\/page-left-sidebar.php","meta":{"footnotes":""},"_links":{"self":[{"href":"https:\/\/immunes.health\/index.php?rest_route=\/wp\/v2\/pages\/231"}],"collection":[{"href":"https:\/\/immunes.health\/index.php?rest_route=\/wp\/v2\/pages"}],"about":[{"href":"https:\/\/immunes.health\/index.php?rest_route=\/wp\/v2\/types\/page"}],"author":[{"embeddable":true,"href":"https:\/\/immunes.health\/index.php?rest_route=\/wp\/v2\/users\/2"}],"replies":[{"embeddable":true,"href":"https:\/\/immunes.health\/index.php?rest_route=%2Fwp%2Fv2%2Fcomments&post=231"}],"version-history":[{"count":5,"href":"https:\/\/immunes.health\/index.php?rest_route=\/wp\/v2\/pages\/231\/revisions"}],"predecessor-version":[{"id":362,"href":"https:\/\/immunes.health\/index.php?rest_route=\/wp\/v2\/pages\/231\/revisions\/362"}],"wp:attachment":[{"href":"https:\/\/immunes.health\/index.php?rest_route=%2Fwp%2Fv2%2Fmedia&parent=231"}],"curies":[{"name":"wp","href":"https:\/\/api.w.org\/{rel}","templated":true}]}}